{"id":724,"date":"2024-01-07T15:32:03","date_gmt":"2024-01-07T14:32:03","guid":{"rendered":"https:\/\/paulinafonferek.pl\/?page_id=724"},"modified":"2026-03-04T11:52:15","modified_gmt":"2026-03-04T10:52:15","slug":"teksty","status":"publish","type":"page","link":"https:\/\/paulinafonferek.pl\/?page_id=724","title":{"rendered":"dramatopisarka"},"content":{"rendered":"\n<p class=\"has-text-align-center\">teksty mojego autorstwa<\/p>\n\n\n\n<p class=\"has-text-align-center\"><br>luty 2026<br><a href=\"https:\/\/teatr-rzeszow.pl\/teatralny-speed-dating-2026\/\" target=\"_blank\" rel=\"noreferrer noopener\">Scena Nowej Dramaturgii w Rzeszowie<\/a><\/p>\n\n\n\n<p class=\"has-text-align-center\">pa\u017adziernik 2025<br><a href=\"https:\/\/www.instytut-teatralny.pl\/2025\/11\/05\/mistrzowie-z-anina-stowarzyszenie-rodzin-i-przyjaciol-osob-z-niepelnosprawnoscia-intelektualna-chata-z-pomyslami-off-polska-2025\/\" target=\"_blank\" rel=\"noreferrer noopener\">&#8222;Mistrzowie z Anina&#8221; spektakl w mojej dramaturgii zrealizowany w ramach programu OFF Polska<\/a><br><br>2025<br><a href=\"https:\/\/nagrodarozewicza.pl\/19-dramatow-w-ii-etapie-konkursu-o-nagrode-dramaturgiczna-im-tadeusza-rozewicza-2\/\" target=\"_blank\" rel=\"noreferrer noopener\">&#8222;Gulasz&#8221; w II etapie Konkursu o Nagrod\u0119 Dramaturgiczn\u0105 im. T. R\u00f3\u017cewicza<\/a><br><br>maj 2025<br><a href=\"https:\/\/www.tlenliteracki.pl\/paulina-fonferek-dramat\" target=\"_blank\" rel=\"noreferrer noopener\">&#8222;Wszystkie synki moje&#8221; w Magazynie Tlen Literacki<\/a><br><br>marzec 2025<br><a href=\"https:\/\/e-teatr.pl\/gdynia-gdynska-nagroda-dramaturgiczna-2025-czterdziesci-najlepszych-polskich-dramatow-56308?fbclid=IwY2xjawJABfNleHRuA2FlbQIxMQABHTDwM7yfcaqpg4iaOoOUHt_zgrnql4BoF8TrW_izYhuMBey-T16S4mBIYg_aem_ZnpOn9yBHARWXQ9YO8aqYg\" target=\"_blank\" rel=\"noreferrer noopener\">&#8222;Wszystkie synki moje&#8221; w p\u00f3\u0142finale 18. Gdy\u0144skiej Nagrody Dramaturgicznej<\/a><br><br>stycze\u0144 2025<br><a href=\"https:\/\/miasto-ogrodow.eu\/userfiles\/images\/Katowicka%20Runda%20Teatralna\/KRT2024_%233_tekstynamiesce_antologia_dramatu_w_katowicach_2024(1).pdf?fbclid=IwY2xjawH-H29leHRuA2FlbQIxMAABHb1Wl_5dIGYgNE8Ukng0dOSrh_9JZssYMhLaW0F2tWJIDjOdNVN7h3k1YA_aem_EnEaNtS8lkzl4_26upvhpw\" target=\"_blank\" rel=\"noreferrer noopener\">&#8222;Wszystkie synki moje&#8221; w antologii dramatu na str. 467 <\/a><br><br>lipiec 2024<br><a href=\"https:\/\/www.ruchometeksty.com\/nr1-2024\" target=\"_blank\" rel=\"noreferrer noopener\">M\u00f3j tekst w Ruchomych Tekstach &#8211; niezale\u017cnej gazecie choreograficznej<\/a><br><br>kwiecie\u0144 2024 <br><a href=\"https:\/\/www.zakladmagazyn.pl\/post\/paulina-fonferek-monolog-o-dziurze?fbclid=IwZXh0bgNhZW0CMTAAAR2IxZAISVhefB5fSZ20ZCC1E0NmIXR9pReuLro8-HFlPLDweg5cl29MUpc_aem_Ae7g6oaGTtdvfeY48BO_V9AHLPjYZoOG38Uh3vP1pcJrtpmiDqB_qRIYcZUYErX5yhfErzQpGoOkziC3j4KB0s1y\" target=\"_blank\" rel=\"noreferrer noopener\">M\u00f3j tekst z Magazynie Zak\u0142ad<\/a><br><br>marzec 2024<br><a href=\"https:\/\/e-teatr.pl\/gdynia-40-sztuk-w-polfinale-17-gdynskiej-nagrody-dramaturgicznej-46696?fbclid=IwAR0ItYPlX_QBoshsY6wGJNHLbav5xjwSgPZL2gNJBW9h2AcgU1cRLb7Lduk_aem_AeE0-TrDQ66KCv8F1mRTGUL0nlFx_CNCMOHnNjcjJctfHbumH7MbwIhrUBzwqSmg6m7tskbNIiU45D9q2aeGP3og\" target=\"_blank\" rel=\"noreferrer noopener\">&#8222;Gulasz&#8221; w p\u00f3\u0142finale 17. Gdy\u0144skiej Nagrody Dramaturgicznej <\/a><br><br>grudzie\u0144 2023<br><a href=\"https:\/\/www.facebook.com\/KatowickaRundaTeatralna\" target=\"_blank\" rel=\"noreferrer noopener\">#3 Katowicka Runda Teatralna &#8211; warsztaty pisania sztuki teatralnej w grupie Ishbel Szatrawskiej <\/a><br><br>pa\u017adziernik 2023<br><a href=\"https:\/\/szajnmag.pl\/dramat-gulasz-pauliny-fonferek-fragment\/\" target=\"_blank\" rel=\"noreferrer noopener\">Fragment sztuki &#8222;Gulasz&#8221; w Magazynie Szajn<\/a><br><br><\/p>\n\n\n\n<p><\/p>\n\n\n\n<hr class=\"wp-block-separator has-alpha-channel-opacity\"\/>\n\n\n\n<p class=\"has-text-align-center\"><br>pa\u017adziernik 2020<br><em>Przede wszystkim nie nale\u017cy trze\u0107 oczu<\/em><\/p>\n\n\n\n<p>P\u0142acz\u0119 w miejscach publicznych. Nie bez przyjemno\u015bci, przyznaj\u0119. Tzn. kiedy odkry\u0142am, \u017ce publiczny p\u0142acz sprawia mi przyjemno\u015b\u0107, to przesta\u0142, ale o tym p\u00f3\u017aniej. P\u0142akiwa\u0142am u fryzjera, kosmetyczki, w Biedronce, w pracy, podczas zaj\u0119\u0107 na studiach czy w knajpie w \u015brodku miasta. Nie \u017cebym to planowa\u0142a, tak si\u0119 jako\u015b sk\u0142ada. Kiedy\u015b p\u0142aka\u0142am na korytarzu w poci\u0105gu i pomy\u015bla\u0142am: <em>jak to dobrze, \u017ce nie jestem s\u0142awna. Nikt mnie nie rozpozna, nie ma siary. Mog\u0119 w spokoju by\u0107 smutna i p\u0142aka\u0107 przy ludziach<\/em>. Dlatego w\u0142a\u015bnie zdecydowa\u0142am si\u0119 nie zosta\u0107 s\u0142awn\u0105.<br>O p\u0142aczu wiem wszystko. Filmowcy mog\u0105 si\u0119 ode mnie uczy\u0107. Technik\u0119 ocierania \u0142ez opanowa\u0142am do perfekcji. Wiem pod jakim k\u0105tem sp\u0142ywaj\u0105 \u0142zy. Wiem jak zachowuje si\u0119 oko p\u0142acz\u0105ce ze smutku i, w kt\u00f3rym miejscu spada pierwsza kropla. Dzisiaj ju\u017c nie maluj\u0119 rz\u0119s tuszem, ale w dawnych czasach, kiedy jeszcze to robi\u0142am, nauczy\u0142am si\u0119 wypuszcza\u0107 \u0142zy bokiem. Odchyla si\u0119 w tym celu g\u0142ow\u0119 do ty\u0142u, wolno lecz zdecydowanie mruga, a \u0142zy sp\u0142ywaj\u0105 po bokach twarzy w stron\u0119 uszu. Dzi\u0119ki temu tusz si\u0119 nie rozmazuje i mo\u017cna p\u00f3\u017aniej udawa\u0107, \u017ce si\u0119 w og\u00f3le nie p\u0142aka\u0142o. Minusem s\u0105 mokre uszy, ale przecie\u017c mo\u017cna je wytrze\u0107 mankietem bluzy. Bluzy, nie swetra, to bardzo wa\u017cne, gdy\u017c we\u0142na mo\u017ce podra\u017cni\u0107 wilgotn\u0105 sk\u00f3r\u0119. Bluz\u0119 mam zawsze przy sobie, bo po p\u0142aczu robi si\u0119 zimno i fajnie jest si\u0119 wtedy ogrza\u0107 i przytuli\u0107 do czego\u015b mi\u0119kkiego.<br>Pomalowane tuszem oko ocali od rozmazania tak\u017ce ocieranie rz\u0119s o u\u0142o\u017cone prostopadle do nich palce wskazuj\u0105ce. Nale\u017cy oprze\u0107 w\u0142oski rz\u0119s na sk\u00f3rze palc\u00f3w i delikatnie omiata\u0107 nimi ko\u015bci paliczk\u00f3w. Pozosta\u0142y na palcach tusz rozciera si\u0119 kciukami, a resztki wyciera w spodnie. Mo\u017cna te\u017c zrobi\u0107 podobnie z chusteczk\u0105 higieniczn\u0105, tzn. wytrze\u0107 w ni\u0105 mokre rz\u0119sy, ale musi by\u0107 nieobsmarkana, a o tak\u0105 bywa trudno.<br>Kiedy\u015b kole\u017canka zdradzi\u0142a mi spos\u00f3b umo\u017cliwiaj\u0105cy przemian\u0119 \u0142ez w gile. Bardzo przydatna umiej\u0119tno\u015b\u0107, gdy jednak potrzebujemy ukry\u0107 p\u0142acz. Przepis: w celu przemiany zbli\u017caj\u0105cych si\u0119 \u0142ez w gile nale\u017cy lekko uciska\u0107 nasad\u0119 nosa (to miejsce mi\u0119dzy oczami) palcem wskazuj\u0105cym i kciukiem, pochyli\u0107 g\u0142ow\u0119 do przodu, przymkn\u0105\u0107 powieki i oddycha\u0107 przez usta. Nap\u0142ywaj\u0105ce do oczu \u0142zy przekierowane zostan\u0105 do otwor\u00f3w nosowych i zamanifestuj\u0105 si\u0119 w nich w postaci rzadkich gili.<br>Przede wszystkim jednak podczas p\u0142aczu nie nale\u017cy trze\u0107 oczu. To podstawowa zasada. Zdecydowanie lepsze efekty osi\u0105gniemy, kiedy pozwolimy \u0142zom swobodnie sp\u0142ywa\u0107, nawet kosztem chwilowego zamglenia obrazu.<br>Musz\u0119 przyzna\u0107, \u017ce ceni\u0119 sobie skuteczno\u015b\u0107 wypracowanych metod anty i oko\u0142o-p\u0142aczowych. Ich praktykowanie pozwala mi poczu\u0107 moc mojej zaradno\u015bci. Przydaj\u0105 si\u0119 w pracy, w szkole, na wakacjach. Wsz\u0119dzie tam, gdzie mo\u017ce pojawi\u0107 si\u0119 p\u0142acz, czyli wsz\u0119dzie. Tak\u017ce w gabinecie terapeutycznym, tym okropnym miejscu utraty \u017cyciowych przyjemno\u015bci. Straci\u0142am w nim ju\u017c kilka (np. picie wina w ilo\u015bciach hurtowych, czy palenie wagon\u00f3w fajek), ale nie spodziewa\u0142am si\u0119, \u017ce i frajda z publicznego p\u0142aczu zostanie mi odebrana. Z zozrzewnieniem wspominam czasy tej s\u0142odkiej przyjemno\u015bci. Dni, kiedy sz\u0142am dynamicznym krokiem przez miasto, wiatr rozwiewa\u0142 mi w\u0142osy, a po moich policzkach sun\u0119\u0142y \u0142zy smutku i rozpaczy. Momenty kiedy od zapchanego nosa czerwieni\u0142y mi si\u0119 i puch\u0142y rozchylone niczym u Anji Rubik usta, a twarz seksownie krzywi\u0142 dramatyczny grymas. Nic si\u0119 wtedy nie liczy\u0142o. Ja i m\u00f3j smutek byli\u015bmy nie do zatrzymania. No, ale posz\u0142am na terapi\u0119 i wszystko si\u0119 zmieni\u0142o. Na zawsze.<br><br>P.<\/p>\n","protected":false},"excerpt":{"rendered":"<p>teksty mojego autorstwa luty 2026Scena Nowej Dramaturgii w Rzeszowie pa\u017adziernik 2025&#8222;Mistrzowie z Anina&#8221; spektakl w mojej dramaturgii zrealizowany w ramach programu OFF Polska 2025&#8222;Gulasz&#8221; w II etapie Konkursu o Nagrod\u0119 Dramaturgiczn\u0105 im. T. R\u00f3\u017cewicza maj 2025&#8222;Wszystkie synki moje&#8221; w Magazynie Tlen Literacki marzec 2025&#8222;Wszystkie synki moje&#8221; w p\u00f3\u0142finale 18. Gdy\u0144skiej &hellip;<\/p>\n","protected":false},"author":1,"featured_media":0,"parent":0,"menu_order":0,"comment_status":"closed","ping_status":"closed","template":"","meta":{"_vp_format_video_url":"","_vp_image_focal_point":[],"_vp_custom_popup_image":0,"_vp_format_audio_url":"","_vp_custom_thumbnail":0,"_vp_custom_thumbnail_focal_point":[],"_vp_hover_thumbnail":0,"_vp_hover_thumbnail_focal_point":[],"footnotes":""},"class_list":["post-724","page","type-page","status-publish","hentry"],"_links":{"self":[{"href":"https:\/\/paulinafonferek.pl\/index.php?rest_route=\/wp\/v2\/pages\/724","targetHints":{"allow":["GET"]}}],"collection":[{"href":"https:\/\/paulinafonferek.pl\/index.php?rest_route=\/wp\/v2\/pages"}],"about":[{"href":"https:\/\/paulinafonferek.pl\/index.php?rest_route=\/wp\/v2\/types\/page"}],"author":[{"embeddable":true,"href":"https:\/\/paulinafonferek.pl\/index.php?rest_route=\/wp\/v2\/users\/1"}],"replies":[{"embeddable":true,"href":"https:\/\/paulinafonferek.pl\/index.php?rest_route=%2Fwp%2Fv2%2Fcomments&post=724"}],"version-history":[{"count":39,"href":"https:\/\/paulinafonferek.pl\/index.php?rest_route=\/wp\/v2\/pages\/724\/revisions"}],"predecessor-version":[{"id":1159,"href":"https:\/\/paulinafonferek.pl\/index.php?rest_route=\/wp\/v2\/pages\/724\/revisions\/1159"}],"wp:attachment":[{"href":"https:\/\/paulinafonferek.pl\/index.php?rest_route=%2Fwp%2Fv2%2Fmedia&parent=724"}],"curies":[{"name":"wp","href":"https:\/\/api.w.org\/{rel}","templated":true}]}}